{"id":25754,"date":"2016-07-25T18:13:20","date_gmt":"2016-07-25T16:13:20","guid":{"rendered":"http:\/\/www.ubu.de\/?page_id=25754"},"modified":"2026-03-20T14:03:46","modified_gmt":"2026-03-20T13:03:46","slug":"impressum","status":"publish","type":"page","link":"https:\/\/www.ubu.de\/es\/impressum\/","title":{"rendered":"Pie de imprenta"},"content":{"rendered":"<div class=\"et_pb_section_0 et_pb_section et_section_regular et_block_section\"><div class=\"et_pb_row_0 et_pb_row et_block_row\"><div class=\"et_pb_column_0 et_pb_column et_pb_column_4_4 et-last-child et_block_column et_pb_css_mix_blend_mode_passthrough\"><div class=\"et_pb_text_0 et_pb_text et_pb_bg_layout_light et_pb_module et_block_module\"><div class=\"et_pb_text_inner\"><h1>Pie de imprenta<\/h1>\n<h2>Informaci\u00f3n seg\u00fan \u00a7 5 DDG:<\/h2>\n<p>UBU Unternehmensberatung f\u00fcr Betriebsmedizin und Umweltschutz GmbH (Asociaci\u00f3n de empresas de medicina y protecci\u00f3n del medio ambiente)<br \/>Mittelstra\u00dfe 6<br \/>29351 Eldingen<\/p>\n<h2>Representado por:<\/h2>\n<p>Anke Weischedel<\/p>\n<h2>Contacto:<\/h2>\n<table>\n<tbody>\n<tr>\n<td>Tel\u00e9fono:<\/td>\n<td><a href=\"tel:+4951482650350\u202c\"><span style=\"color: #4c5b6d;\"><span style=\"caret-color: #4c5b6d;\">05148 26 50 350<\/span><\/span><\/a><\/td>\n<\/tr>\n<tr>\n<td>E-Mail:<\/td>\n<td><a href=\"mailto:info@ubu.de\">info@ubu.de<\/a><\/td>\n<\/tr>\n<\/tbody>\n<\/table>\n<h2>Registre su entrada:<\/h2>\n<p>Inscripci\u00f3n en el registro mercantil.<br \/>Tribunal de registro: Juzgado de Primera Instancia de Hamburgo<br \/>N\u00famero de registro: HRB147179<\/p>\n<h2>N\u00famero de identificaci\u00f3n fiscal:<\/h2>\n<p>N\u00famero de identificaci\u00f3n fiscal conforme al art\u00edculo 27 a de la Ley del impuesto sobre el volumen de negocios:<br \/>DE228966482<\/p>\n<h2>P\u00e1gina web:<\/h2>\n<p>Concepci\u00f3n y programaci\u00f3n: <a href=\"https:\/\/www.applaus.net\" target=\"_blank\" rel=\"noopener\">applaus GmbH - consulting | mac support<\/a><\/p>\n<p>Fuente: <em><a href=\"https:\/\/www.e-recht24.de\">eRecht24<\/a><\/em><\/p>\n<\/div><\/div><div class=\"et_pb_text_1 et_pb_text et_pb_bg_layout_light et_pb_module et_block_module\"><div class=\"et_pb_text_inner\"><h1>Exclusi\u00f3n de responsabilidad<\/h1>\n<p><strong>Responsabilidad por los contenidos<\/strong><\/p>\n<p>Como proveedor de servicios, somos responsables de nuestros propios contenidos en estas p\u00e1ginas de acuerdo con el art\u00edculo 7 (1) DDG y la legislaci\u00f3n general. Sin embargo, de conformidad con los art\u00edculos 8 a 10 de la DDG, no estamos obligados como proveedores de servicios a supervisar la informaci\u00f3n de terceros transmitida o almacenada ni a investigar circunstancias que indiquen una actividad ilegal. Esto no afecta a las obligaciones de eliminar o bloquear el uso de informaci\u00f3n de conformidad con la legislaci\u00f3n general. Sin embargo, la responsabilidad a este respecto s\u00f3lo es posible a partir del momento en que se tiene conocimiento de una infracci\u00f3n concreta. En cuanto tengamos conocimiento de tales infracciones, eliminaremos inmediatamente estos contenidos.<\/p>\n<p><strong>Responsabilidad de los enlaces<\/strong><\/p>\n<p>Nuestro sitio web contiene enlaces a sitios web externos de terceros sobre cuyo contenido no tenemos ninguna influencia. Por lo tanto, no podemos aceptar ninguna responsabilidad por este contenido de terceros. El respectivo proveedor u operador de las p\u00e1ginas es siempre responsable del contenido de las p\u00e1ginas enlazadas. Las p\u00e1ginas enlazadas fueron revisadas en el momento de su vinculaci\u00f3n para detectar posibles infracciones legales. En el momento de establecer el enlace no se detectaron contenidos ilegales. Sin embargo, no es razonable un control permanente de los contenidos de las p\u00e1ginas enlazadas sin pruebas concretas de una infracci\u00f3n. Si tenemos conocimiento de alguna infracci\u00f3n legal, eliminaremos dichos enlaces inmediatamente.<\/p>\n<p><strong>Copyright<\/strong><\/p>\n<p>Los contenidos y obras creados por los operadores de estas p\u00e1ginas est\u00e1n sujetos a la legislaci\u00f3n alemana sobre derechos de autor. La reproducci\u00f3n, el procesamiento, la distribuci\u00f3n y cualquier tipo de utilizaci\u00f3n fuera de los l\u00edmites de la ley de derechos de autor requieren el consentimiento por escrito del respectivo autor o creador. Las descargas y copias de este sitio s\u00f3lo est\u00e1n permitidas para uso privado y no comercial. En la medida en que el contenido de este sitio no haya sido creado por el operador, se respetan los derechos de autor de terceros. En particular, los contenidos de terceros est\u00e1n etiquetados como tales. No obstante, si tiene conocimiento de una infracci\u00f3n de los derechos de autor, le rogamos que nos lo comunique. Si tenemos conocimiento de alguna infracci\u00f3n, eliminaremos inmediatamente dicho contenido.<\/p>\n<h1>Sugerencias por correo electr\u00f3nico<\/h1>\n<p>Nuestros correos electr\u00f3nicos y sus anexos son confidenciales. Si usted no es el destinatario previsto y ha recibido nuestro correo electr\u00f3nico por error, informe inmediatamente al remitente y elimine el correo electr\u00f3nico sin demora. No est\u00e1 permitida la copia no autorizada, cualquier otro uso o el reenv\u00edo no autorizado a terceros.<\/p>\n<\/div><\/div><\/div><\/div><\/div>","protected":false},"excerpt":{"rendered":"","protected":false},"author":1,"featured_media":0,"parent":0,"menu_order":0,"comment_status":"closed","ping_status":"closed","template":"","meta":{"_acf_changed":false,"inline_featured_image":false,"footnotes":""},"class_list":["post-25754","page","type-page","status-publish","hentry"],"acf":[],"yoast_head":"<!-- This site is optimized with the Yoast SEO plugin v27.4 - https:\/\/yoast.com\/product\/yoast-seo-wordpress\/ -->\n<title>Impressum - ubu - Arbeitsschutz f\u00fcr Hotels und Gastronomie<\/title>\n<meta name=\"robots\" content=\"index, follow, max-snippet:-1, max-image-preview:large, max-video-preview:-1\" \/>\n<link rel=\"canonical\" href=\"https:\/\/www.ubu.de\/es\/impressum\/\" \/>\n<meta property=\"og:locale\" content=\"es_ES\" \/>\n<meta property=\"og:type\" content=\"article\" \/>\n<meta property=\"og:title\" content=\"Impressum - ubu - Arbeitsschutz f\u00fcr Hotels und Gastronomie\" \/>\n<meta property=\"og:url\" content=\"https:\/\/www.ubu.de\/es\/impressum\/\" \/>\n<meta property=\"og:site_name\" content=\"ubu - Arbeitsschutz f\u00fcr Hotels und Gastronomie\" \/>\n<meta property=\"article:modified_time\" content=\"2026-03-20T13:03:46+00:00\" \/>\n<meta name=\"twitter:card\" content=\"summary_large_image\" \/>\n<script type=\"application\/ld+json\" class=\"yoast-schema-graph\">{\"@context\":\"https:\\\/\\\/schema.org\",\"@graph\":[{\"@type\":\"WebPage\",\"@id\":\"https:\\\/\\\/www.ubu.de\\\/impressum\\\/\",\"url\":\"https:\\\/\\\/www.ubu.de\\\/impressum\\\/\",\"name\":\"Impressum - ubu - Arbeitsschutz f\u00fcr Hotels und Gastronomie\",\"isPartOf\":{\"@id\":\"https:\\\/\\\/www.ubu.de\\\/#website\"},\"datePublished\":\"2016-07-25T16:13:20+00:00\",\"dateModified\":\"2026-03-20T13:03:46+00:00\",\"breadcrumb\":{\"@id\":\"https:\\\/\\\/www.ubu.de\\\/impressum\\\/#breadcrumb\"},\"inLanguage\":\"es\",\"potentialAction\":[{\"@type\":\"ReadAction\",\"target\":[\"https:\\\/\\\/www.ubu.de\\\/impressum\\\/\"]}]},{\"@type\":\"BreadcrumbList\",\"@id\":\"https:\\\/\\\/www.ubu.de\\\/impressum\\\/#breadcrumb\",\"itemListElement\":[{\"@type\":\"ListItem\",\"position\":1,\"name\":\"Startseite\",\"item\":\"https:\\\/\\\/www.ubu.de\\\/\"},{\"@type\":\"ListItem\",\"position\":2,\"name\":\"Impressum\"}]},{\"@type\":\"WebSite\",\"@id\":\"https:\\\/\\\/www.ubu.de\\\/#website\",\"url\":\"https:\\\/\\\/www.ubu.de\\\/\",\"name\":\"ubu - Arbeitsschutz f\u00fcr Hotels und Gastronomie\",\"description\":\"safety at work\",\"publisher\":{\"@id\":\"https:\\\/\\\/www.ubu.de\\\/#organization\"},\"potentialAction\":[{\"@type\":\"SearchAction\",\"target\":{\"@type\":\"EntryPoint\",\"urlTemplate\":\"https:\\\/\\\/www.ubu.de\\\/?s={search_term_string}\"},\"query-input\":{\"@type\":\"PropertyValueSpecification\",\"valueRequired\":true,\"valueName\":\"search_term_string\"}}],\"inLanguage\":\"es\"},{\"@type\":\"Organization\",\"@id\":\"https:\\\/\\\/www.ubu.de\\\/#organization\",\"name\":\"ubu - safety at work\",\"url\":\"https:\\\/\\\/www.ubu.de\\\/\",\"logo\":{\"@type\":\"ImageObject\",\"inLanguage\":\"es\",\"@id\":\"https:\\\/\\\/www.ubu.de\\\/#\\\/schema\\\/logo\\\/image\\\/\",\"url\":\"https:\\\/\\\/www.ubu.de\\\/wp-content\\\/uploads\\\/2016\\\/07\\\/ubu-elephant.png\",\"contentUrl\":\"https:\\\/\\\/www.ubu.de\\\/wp-content\\\/uploads\\\/2016\\\/07\\\/ubu-elephant.png\",\"width\":250,\"height\":250,\"caption\":\"ubu - safety at work\"},\"image\":{\"@id\":\"https:\\\/\\\/www.ubu.de\\\/#\\\/schema\\\/logo\\\/image\\\/\"}}]}<\/script>\n<!-- \/ Yoast SEO plugin. -->","yoast_head_json":{"title":"Impressum - ubu - Arbeitsschutz f\u00fcr Hotels und Gastronomie","robots":{"index":"index","follow":"follow","max-snippet":"max-snippet:-1","max-image-preview":"max-image-preview:large","max-video-preview":"max-video-preview:-1"},"canonical":"https:\/\/www.ubu.de\/es\/impressum\/","og_locale":"es_ES","og_type":"article","og_title":"Impressum - ubu - Arbeitsschutz f\u00fcr Hotels und Gastronomie","og_url":"https:\/\/www.ubu.de\/es\/impressum\/","og_site_name":"ubu - Arbeitsschutz f\u00fcr Hotels und Gastronomie","article_modified_time":"2026-03-20T13:03:46+00:00","twitter_card":"summary_large_image","schema":{"@context":"https:\/\/schema.org","@graph":[{"@type":"WebPage","@id":"https:\/\/www.ubu.de\/impressum\/","url":"https:\/\/www.ubu.de\/impressum\/","name":"Impressum - ubu - Arbeitsschutz f\u00fcr Hotels und Gastronomie","isPartOf":{"@id":"https:\/\/www.ubu.de\/#website"},"datePublished":"2016-07-25T16:13:20+00:00","dateModified":"2026-03-20T13:03:46+00:00","breadcrumb":{"@id":"https:\/\/www.ubu.de\/impressum\/#breadcrumb"},"inLanguage":"es","potentialAction":[{"@type":"ReadAction","target":["https:\/\/www.ubu.de\/impressum\/"]}]},{"@type":"BreadcrumbList","@id":"https:\/\/www.ubu.de\/impressum\/#breadcrumb","itemListElement":[{"@type":"ListItem","position":1,"name":"Startseite","item":"https:\/\/www.ubu.de\/"},{"@type":"ListItem","position":2,"name":"Impressum"}]},{"@type":"WebSite","@id":"https:\/\/www.ubu.de\/#website","url":"https:\/\/www.ubu.de\/","name":"ubu - Salud y seguridad en el trabajo en la hosteler\u00eda y la restauraci\u00f3n","description":"seguridad en el trabajo","publisher":{"@id":"https:\/\/www.ubu.de\/#organization"},"potentialAction":[{"@type":"SearchAction","target":{"@type":"EntryPoint","urlTemplate":"https:\/\/www.ubu.de\/?s={search_term_string}"},"query-input":{"@type":"PropertyValueSpecification","valueRequired":true,"valueName":"search_term_string"}}],"inLanguage":"es"},{"@type":"Organization","@id":"https:\/\/www.ubu.de\/#organization","name":"ubu - safety at work","url":"https:\/\/www.ubu.de\/","logo":{"@type":"ImageObject","inLanguage":"es","@id":"https:\/\/www.ubu.de\/#\/schema\/logo\/image\/","url":"https:\/\/www.ubu.de\/wp-content\/uploads\/2016\/07\/ubu-elephant.png","contentUrl":"https:\/\/www.ubu.de\/wp-content\/uploads\/2016\/07\/ubu-elephant.png","width":250,"height":250,"caption":"ubu - safety at work"},"image":{"@id":"https:\/\/www.ubu.de\/#\/schema\/logo\/image\/"}}]}},"_links":{"self":[{"href":"https:\/\/www.ubu.de\/es\/wp-json\/wp\/v2\/pages\/25754","targetHints":{"allow":["GET"]}}],"collection":[{"href":"https:\/\/www.ubu.de\/es\/wp-json\/wp\/v2\/pages"}],"about":[{"href":"https:\/\/www.ubu.de\/es\/wp-json\/wp\/v2\/types\/page"}],"author":[{"embeddable":true,"href":"https:\/\/www.ubu.de\/es\/wp-json\/wp\/v2\/users\/1"}],"replies":[{"embeddable":true,"href":"https:\/\/www.ubu.de\/es\/wp-json\/wp\/v2\/comments?post=25754"}],"version-history":[{"count":10,"href":"https:\/\/www.ubu.de\/es\/wp-json\/wp\/v2\/pages\/25754\/revisions"}],"predecessor-version":[{"id":28875,"href":"https:\/\/www.ubu.de\/es\/wp-json\/wp\/v2\/pages\/25754\/revisions\/28875"}],"wp:attachment":[{"href":"https:\/\/www.ubu.de\/es\/wp-json\/wp\/v2\/media?parent=25754"}],"curies":[{"name":"wp","href":"https:\/\/api.w.org\/{rel}","templated":true}]}}