{"id":25824,"date":"2016-07-26T16:48:00","date_gmt":"2016-07-26T14:48:00","guid":{"rendered":"http:\/\/www.ubu.de\/?page_id=25824"},"modified":"2026-03-20T14:03:47","modified_gmt":"2026-03-20T13:03:47","slug":"ueber-uns","status":"publish","type":"page","link":"https:\/\/www.ubu.de\/ro\/ueber-uns\/","title":{"rendered":"Despre noi"},"content":{"rendered":"<div class=\"et_pb_section_1 et_pb_section et_pb_fullwidth_section et_section_regular et_block_section\"><div class=\"et_pb_fullwidth_slider_1 et_pb_slider et_pb_slider_no_arrows et_pb_slider_no_pagination et_pb_module preset--module--divi-fullwidth-slider--default\"><div class=\"box-shadow-overlay\"><\/div><div class=\"et_pb_slides\"><div class=\"et_pb_slide_1 et_pb_slide et_pb_slider_with_overlay et_pb_media_alignment_center et_pb_bg_layout_dark et_pb_text_align_center et_pb_section_parallax\" data-slide-id=\"divi\/slide-1\"><span class=\"et-pb-parallax-wrapper\"><span class=\"et-pb-parallax-background et-pb-parallax-background-module--divi-slide-1\" style=\"background-image:url(https:\/\/www.ubu.de\/wp-content\/uploads\/2016\/07\/ubu-team-Spezialist-f\u00fcr-Arbeitsschutz-Arbeitssicherheit-Gastronomie-Restaurants-und-Hotels.jpg)\"><\/span><\/span><div class=\"et_pb_slide_overlay_container\"><\/div><div class=\"et_pb_container\"><div class=\"et_pb_slider_container_inner\"><div class=\"et_pb_slide_description\"><h2 class=\"et_pb_slide_title\">Echipa ubu<\/h2><\/div><\/div><\/div><\/div><\/div><\/div><\/div><div class=\"et_pb_section_2 et_pb_section et_section_regular et_block_section\"><div class=\"et_pb_row_0 et_pb_row et_pb_row_4col et_block_row et_block_row_4col\"><div class=\"et_pb_column_0 et_pb_column et_pb_column_1_4 et_block_column et_pb_css_mix_blend_mode_passthrough\"><div class=\"et_pb_blurb_0 et_pb_blurb et_pb_bg_layout_light et_pb_text_align_center et_pb_blurb_position_top et_pb_module et_block_module\"><div class=\"et_pb_blurb_content\"><div class=\"et_pb_main_blurb_image\"><span class=\"et_pb_image_wrap\"><span class=\"et-pb-icon\">\ue00c<\/span><\/span><\/div><div class=\"et_pb_blurb_container\"><h4 class=\"et_pb_module_header\">Modern<\/h4><div class=\"et_pb_blurb_description\"><p>Ne plac noile tehnologii \u0219i avem un stil de lucru contemporan.<\/p>\n<\/div><\/div><\/div><\/div><\/div><div class=\"et_pb_column_1 et_pb_column et_pb_column_1_4 et_block_column et_pb_css_mix_blend_mode_passthrough\"><div class=\"et_pb_blurb_1 et_pb_blurb et_pb_bg_layout_light et_pb_text_align_center et_pb_blurb_position_top et_pb_module et_block_module\"><div class=\"et_pb_blurb_content\"><div class=\"et_pb_main_blurb_image\"><span class=\"et_pb_image_wrap\"><span class=\"et-pb-icon\">\ue038<\/span><\/span><\/div><div class=\"et_pb_blurb_container\"><h4 class=\"et_pb_module_header\">Eficient\u0103<\/h4><div class=\"et_pb_blurb_description\"><p>Structurile simplificate, instrumentele moderne \u0219i timpii flexibili de implementare economisesc bani.<\/p>\n<\/div><\/div><\/div><\/div><\/div><div class=\"et_pb_column_2 et_pb_column et_pb_column_1_4 et_block_column et_pb_css_mix_blend_mode_passthrough\"><div class=\"et_pb_blurb_2 et_pb_blurb et_pb_bg_layout_light et_pb_text_align_center et_pb_blurb_position_top et_pb_module et_block_module\"><div class=\"et_pb_blurb_content\"><div class=\"et_pb_main_blurb_image\"><span class=\"et_pb_image_wrap\"><span class=\"et-pb-icon\">\ue007<\/span><\/span><\/div><div class=\"et_pb_blurb_container\"><h4 class=\"et_pb_module_header\">Competent<\/h4><div class=\"et_pb_blurb_description\"><p>Mul\u021bi ani de experien\u021b\u0103 \u0219i expertiz\u0103 solid\u0103. Clien\u021bii no\u0219tri apreciaz\u0103 acest lucru de ani de zile.<\/p>\n<\/div><\/div><\/div><\/div><\/div><div class=\"et_pb_column_3 et_pb_column et_pb_column_1_4 et-last-child et_block_column et_pb_css_mix_blend_mode_passthrough\"><div class=\"et_pb_blurb_3 et_pb_blurb et_pb_bg_layout_light et_pb_text_align_center et_pb_blurb_position_top et_pb_module et_block_module\"><div class=\"et_pb_blurb_content\"><div class=\"et_pb_main_blurb_image\"><span class=\"et_pb_image_wrap\"><span class=\"et-pb-icon\">\ue106<\/span><\/span><\/div><div class=\"et_pb_blurb_container\"><h4 class=\"et_pb_module_header\">Orientat c\u0103tre client<\/h4><div class=\"et_pb_blurb_description\"><p>Satisfac\u021bia clien\u021bilor este prioritatea noastr\u0103 principal\u0103. Loialitatea este ceva pentru care lucr\u0103m \u00een fiecare zi.<\/p>\n<\/div><\/div><\/div><\/div><\/div><\/div><\/div><div class=\"et_pb_section_3 et_pb_section et_section_regular et_block_section\"><div class=\"et_pb_row_1 et_pb_row et_block_row\"><div class=\"et_pb_column_4 et_pb_column et_pb_column_4_4 et-last-child et_block_column et_pb_css_mix_blend_mode_passthrough\"><ul class=\"et_pb_counters_0 et_pb_counters et-waypoint et_pb_bg_layout_light et_pb_module et_block_module\"><li class=\"et_pb_counter_0 et_pb_counter\"><span class=\"et_pb_counter_title\"> Siguran\u021ba ocupa\u021bional\u0103 <\/span><span class=\"et_pb_counter_container\"><span class=\"et_pb_counter_amount\" data-width=\"60%\"><span class=\"et_pb_counter_amount_number\"><span class=\"et_pb_counter_amount_number_inner\">60%<\/span><\/span><\/span><span class=\"et_pb_counter_amount overlay\" data-width=\"60%\"><span class=\"et_pb_counter_amount_number\"><span class=\"et_pb_counter_amount_number_inner\">60%<\/span><\/span><\/span><\/span><\/li><li class=\"et_pb_counter_1 et_pb_counter\"><span class=\"et_pb_counter_title\"> Medicin\u0103 ocupa\u021bional\u0103 <\/span><span class=\"et_pb_counter_container\"><span class=\"et_pb_counter_amount\" data-width=\"40%\"><span class=\"et_pb_counter_amount_number\"><span class=\"et_pb_counter_amount_number_inner\">40%<\/span><\/span><\/span><span class=\"et_pb_counter_amount overlay\" data-width=\"40%\"><span class=\"et_pb_counter_amount_number\"><span class=\"et_pb_counter_amount_number_inner\">40%<\/span><\/span><\/span><\/span><\/li><li class=\"et_pb_counter_2 et_pb_counter\"><span class=\"et_pb_counter_title\"> Satisfac\u021bia clien\u021bilor <\/span><span class=\"et_pb_counter_container\"><span class=\"et_pb_counter_amount\" data-width=\"78%\"><span class=\"et_pb_counter_amount_number\"><span class=\"et_pb_counter_amount_number_inner\">78%<\/span><\/span><\/span><span class=\"et_pb_counter_amount overlay\" data-width=\"78%\"><span class=\"et_pb_counter_amount_number\"><span class=\"et_pb_counter_amount_number_inner\">78%<\/span><\/span><\/span><\/span><\/li><li class=\"et_pb_counter_3 et_pb_counter\"><span class=\"et_pb_counter_title\"> Consumul de cafea <\/span><span class=\"et_pb_counter_container\"><span class=\"et_pb_counter_amount\" data-width=\"99%\"><span class=\"et_pb_counter_amount_number\"><span class=\"et_pb_counter_amount_number_inner\">99%<\/span><\/span><\/span><span class=\"et_pb_counter_amount overlay\" data-width=\"99%\"><span class=\"et_pb_counter_amount_number\"><span class=\"et_pb_counter_amount_number_inner\">99%<\/span><\/span><\/span><\/span><\/li><\/ul><\/div><\/div><\/div><div class=\"et_pb_section_4 et_pb_section et_section_regular et_block_section\"><div class=\"et_pb_row_2 et_pb_row et_block_row\"><div class=\"et_pb_column_5 et_pb_column et_pb_column_4_4 et-last-child et_block_column et_pb_css_mix_blend_mode_passthrough\"><div class=\"et_pb_blurb_4 et_pb_blurb et_pb_bg_layout_light et_pb_text_align_center et_pb_blurb_position_top et_pb_module et_block_module\"><div class=\"et_pb_blurb_content\"><div class=\"et_pb_blurb_container\"><div class=\"et_pb_blurb_description\"><h1><span style=\"color: #ffffff;\">Povestea ubu<\/span><\/h1>\n<\/div><\/div><\/div><\/div><\/div><\/div><div class=\"et_pb_row_3 et_pb_row et_block_row\"><div class=\"et_pb_column_6 et_pb_column et_pb_column_1_2 et_block_column et_pb_css_mix_blend_mode_passthrough\"><div class=\"et_pb_blurb_5 et_pb_blurb et_pb_bg_layout_light et_pb_text_align_right et_pb_blurb_position_top et_pb_module et_block_module\"><div class=\"et_pb_blurb_content\"><div class=\"et_pb_blurb_container\"><div class=\"et_pb_blurb_description\"><h1>Fapte<\/h1>\n<p>\u00cenfiin\u021bat\u0103 \u00een 1987 \u00een Ettlingen, Baden, ini\u021bial pentru companiile din regiune. Dup\u0103 ce a dob\u00e2ndit cu succes numero\u0219i clien\u021bi, din ce \u00een ce mai activ\u0103 \u00een \u00eentreaga Germanie. Din 2014, prin urmare, cu o loca\u021bie suplimentar\u0103 \u00een Hamburg pentru Germania de Nord.<\/p>\n<\/div><\/div><\/div><\/div><\/div><div class=\"et_pb_column_7 et_pb_column et_pb_column_1_2 et-last-child et_block_column et_pb_column_empty et_pb_css_mix_blend_mode_passthrough\"><\/div><\/div><div class=\"et_pb_row_4 et_pb_row et_block_row\"><div class=\"et_pb_column_8 et_pb_column et_pb_column_1_2 et_block_column et_pb_column_empty et_pb_css_mix_blend_mode_passthrough\"><\/div><div class=\"et_pb_column_9 et_pb_column et_pb_column_1_2 et-last-child et_block_column et_pb_css_mix_blend_mode_passthrough\"><div class=\"et_pb_blurb_6 et_pb_blurb et_pb_bg_layout_light et_pb_blurb_position_top et_pb_module et_block_module\"><div class=\"et_pb_blurb_content\"><div class=\"et_pb_blurb_container\"><div class=\"et_pb_blurb_description\"><h1>Motiva\u021bie<\/h1>\n<p>Suntem convin\u0219i c\u0103 lipsa s\u0103n\u0103t\u0103\u021bii \u0219i securit\u0103\u021bii \u00een munc\u0103 poate costa scump orice companie. Scopul nostru este de a le oferi clien\u021bilor no\u0219tri un sistem activ de s\u0103n\u0103tate \u0219i siguran\u021b\u0103 la locul de munc\u0103 care s\u0103 dea roade pe termen lung.<\/p>\n<\/div><\/div><\/div><\/div><\/div><\/div><div class=\"et_pb_row_5 et_pb_row et_block_row\"><div class=\"et_pb_column_10 et_pb_column et_pb_column_1_2 et_block_column et_pb_css_mix_blend_mode_passthrough\"><div class=\"et_pb_blurb_7 et_pb_blurb et_pb_bg_layout_light et_pb_text_align_right et_pb_blurb_position_top et_pb_module et_block_module\"><div class=\"et_pb_blurb_content\"><div class=\"et_pb_blurb_container\"><div class=\"et_pb_blurb_description\"><h1>Viziune<\/h1>\n<p>Din 2016, ubu a trecut printr-o schimbare de genera\u021bie care a adus o gur\u0103 de aer proasp\u0103t prin digitalizare \u0219i noi procese interne. Chiar \u0219i \u00eentr-o lume a muncii din ce \u00een ce mai rapid\u0103, dorim s\u0103 oferim clien\u021bilor no\u0219tri un serviciu contemporan.<br \/>\ns\u0103n\u0103tatea \u0219i securitatea \u00een munc\u0103. Continu\u0103m s\u0103 r\u0103m\u00e2nem fideli valorilor noastre fondatoare.<\/p>\n<\/div><\/div><\/div><\/div><\/div><div class=\"et_pb_column_11 et_pb_column et_pb_column_1_2 et-last-child et_block_column et_pb_column_empty et_pb_css_mix_blend_mode_passthrough\"><\/div><\/div><\/div><div class=\"et_pb_section_5 et_pb_section et_section_regular et_block_section\"><div class=\"et_pb_row_6 et_pb_row et_block_row\"><div class=\"et_pb_column_12 et_pb_column et_pb_column_4_4 et-last-child et_block_column et_pb_css_mix_blend_mode_passthrough\"><div class=\"et_pb_cta_0 et_pb_promo et_pb_bg_layout_light et_pb_module et_block_module\"><div class=\"et_pb_promo_description\"><div class=\"et_pb_promo_content\"><h1 style=\"text-align: center;\">Persoanele dumneavoastr\u0103 de contact<\/h1>\n<\/div><\/div><\/div><\/div><\/div><div class=\"et_pb_row_7 et_pb_row et_pb_equal_columns et_block_row\"><div class=\"et_pb_column_13 et_pb_column et_pb_column_1_3 et_block_column et_pb_css_mix_blend_mode_passthrough\"><div class=\"et_pb_team_member_0 et_pb_team_member et_pb_bg_layout_light et_pb_module et_block_module\"><div class=\"et_pb_team_member_image et-waypoint et_pb_animation_fade_in\"><img loading=\"lazy\" decoding=\"async\" src=\"https:\/\/www.ubu.de\/wp-content\/uploads\/2016\/07\/Anke-Weischedel-ubu-Arbeitssicherheit-Arbeitsschutz-320px.jpeg\" alt=\"Anke Weischedel\" width=\"320\" height=\"320\" srcset=\"https:\/\/www.ubu.de\/wp-content\/uploads\/2016\/07\/Anke-Weischedel-ubu-Arbeitssicherheit-Arbeitsschutz-320px.jpeg 320w, https:\/\/www.ubu.de\/wp-content\/uploads\/2016\/07\/Anke-Weischedel-ubu-Arbeitssicherheit-Arbeitsschutz-320px-150x150.jpeg 150w, https:\/\/www.ubu.de\/wp-content\/uploads\/2016\/07\/Anke-Weischedel-ubu-Arbeitssicherheit-Arbeitsschutz-320px-300x300.jpeg 300w\" sizes=\"(max-width: 320px) 100vw, 320px\" class=\"wp-image-26216\" \/><\/div><div class=\"et_pb_team_member_description\"><h4 class=\"et_pb_module_header\">Anke Weischedel<\/h4><p class=\"et_pb_member_position\">Co-Gesch\u00e4ftsf\u00fchrerin & Sifa<\/p><div class=\"et_pb_team_member_description_content\"><p>\u00cen calitate de specialist \u00een securitate ocupa\u021bional\u0103, Anke Weischedel este responsabil\u0103 de toate aspectele legate de s\u0103n\u0103tatea \u0219i securitatea ocupa\u021bional\u0103 din 2005. Anii petrecu\u021bi \u00een calitate de manager de hotel \u0219i de furnizor de catering i-au oferit o multitudine de cuno\u0219tin\u021be despre nevoile acestei industrii. Atunci c\u00e2nd nu face yoga, \u00een via\u021ba privat\u0103 este o buc\u0103t\u0103reas\u0103 pasionat\u0103 \u0219i plin\u0103 de bun\u0103 dispozi\u021bie, care se asigur\u0103 c\u0103 casa nu st\u0103 niciodat\u0103 prost.<\/p>\n<\/div><\/div><\/div><div class=\"et_pb_cta_1 et_pb_promo et_pb_bg_layout_dark et_pb_module et_block_module\"><div class=\"et_pb_promo_description et_multi_view_hidden\"><\/div><div class=\"et_pb_button_wrapper\"><a class=\"et_pb_button et_pb_promo_button\" target=\"_blank\" href=\"mailto:anke.weischedel@ubu.de\" rel=\"noreferrer\">anke.weischedel@ubu.de<\/a><\/div><\/div><\/div><div class=\"et_pb_column_14 et_pb_column et_pb_column_1_3 et_block_column et_pb_css_mix_blend_mode_passthrough\"><div class=\"et_pb_team_member_1 et_pb_team_member et_pb_bg_layout_light et_pb_module et_block_module\"><div class=\"et_pb_team_member_image et-waypoint et_pb_animation_fade_in\"><img loading=\"lazy\" decoding=\"async\" src=\"https:\/\/www.ubu.de\/wp-content\/uploads\/2016\/07\/Christoph-Weischedel-ubu-Arbeitsschutz-Gef\u00e4hrdungsbeurteilungen-320px.jpg\" alt=\"Christoph Weischedel\" width=\"320\" height=\"320\" srcset=\"https:\/\/www.ubu.de\/wp-content\/uploads\/2016\/07\/Christoph-Weischedel-ubu-Arbeitsschutz-Gef\u00e4hrdungsbeurteilungen-320px.jpg 320w, https:\/\/www.ubu.de\/wp-content\/uploads\/2016\/07\/Christoph-Weischedel-ubu-Arbeitsschutz-Gef\u00e4hrdungsbeurteilungen-320px-150x150.jpg 150w, https:\/\/www.ubu.de\/wp-content\/uploads\/2016\/07\/Christoph-Weischedel-ubu-Arbeitsschutz-Gef\u00e4hrdungsbeurteilungen-320px-300x300.jpg 300w\" sizes=\"(max-width: 320px) 100vw, 320px\" class=\"wp-image-26217\" \/><\/div><div class=\"et_pb_team_member_description\"><h4 class=\"et_pb_module_header\">Christoph Weischedel<\/h4><p class=\"et_pb_member_position\">Manager de afaceri (vorbitor nativ de limba englez\u0103)<\/p><div class=\"et_pb_team_member_description_content\"><p>Christoph Weischedel lucreaz\u0103 ca manager de afaceri la companie din iunie 2014. El este responsabil de serviciile pentru clien\u021bi, managementul calit\u0103\u021bii \u0219i marketing. Dup\u0103 o rela\u021bie de aproape 27 de ani cu \u0219ase ecrane care nu \u00eei \u00eemp\u0103rt\u0103\u0219eau \u00eentotdeauna sim\u021bul umorului englezesc, fostul bancher de investi\u021bii este foarte fericit c\u0103, \u00een sf\u00e2r\u0219it, poate s\u0103 vorbeasc\u0103 din nou cu oameni adev\u0103ra\u021bi \u00een persoan\u0103.<a href=\"mailto:christoph.weischedel@ubu.de\" target=\"_blank\" rel=\"noopener\" title=\"V\u0103 rog s\u0103-mi trimite\u021bi un e-mail.\"><\/a><\/p>\n<\/div><\/div><\/div><div class=\"et_pb_cta_2 et_pb_promo et_pb_bg_layout_dark et_pb_module et_block_module\"><div class=\"et_pb_promo_description et_multi_view_hidden\"><\/div><div class=\"et_pb_button_wrapper\"><a class=\"et_pb_button et_pb_promo_button\" target=\"_blank\" href=\"mailto:christoph.weischedel@ubu.de\" rel=\"noreferrer\">christoph.weischedel@ubu.de<\/a><\/div><\/div><\/div><div class=\"et_pb_column_15 et_pb_column et_pb_column_1_3 et-last-child et_block_column et_pb_css_mix_blend_mode_passthrough\"><div class=\"et_pb_team_member_2 et_pb_team_member et_pb_bg_layout_light et_pb_module et_block_module\"><div class=\"et_pb_team_member_image et-waypoint et_pb_animation_fade_in\"><img loading=\"lazy\" decoding=\"async\" src=\"https:\/\/www.ubu.de\/wp-content\/uploads\/betriebsarzt-ubu.jpg\" alt=\"Dr. Christa Wacheck\" width=\"320\" height=\"320\" srcset=\"https:\/\/www.ubu.de\/wp-content\/uploads\/betriebsarzt-ubu.jpg 320w\" sizes=\"(max-width: 320px) 100vw, 320px\" class=\"wp-image-27477\" \/><\/div><div class=\"et_pb_team_member_description\"><h4 class=\"et_pb_module_header\">Dr. Christa Wacheck<\/h4><p class=\"et_pb_member_position\">Medic de companie<\/p><div class=\"et_pb_team_member_description_content\"><p>Medicul companiei noastre, Dr. Christa Wacheck, este o iubitoare a muzicii clasice \u0219i, dac\u0103 platanul se opre\u0219te vreodat\u0103, este probabil pentru c\u0103 nasul ei este \u00eengropat \u00eentr-un nou roman poli\u021bist.<\/p>\n<p>Dr. Nikolaus Droscha s-a retras din func\u021bia de medic al companiei la 30 septembrie 2022 din motive de v\u00e2rst\u0103.<\/p>\n<\/div><\/div><\/div><div class=\"et_pb_cta_3 et_pb_promo et_pb_bg_layout_dark et_pb_module et_block_module\"><div class=\"et_pb_promo_description et_multi_view_hidden\"><\/div><div class=\"et_pb_button_wrapper\"><a class=\"et_pb_button et_pb_promo_button\" target=\"_blank\" href=\"mailto:betriebsarzt@ubu.de\" rel=\"noreferrer\">betriebsarzt@ubu.de<\/a><\/div><\/div><\/div><\/div><\/div>","protected":false},"excerpt":{"rendered":"","protected":false},"author":1,"featured_media":0,"parent":0,"menu_order":0,"comment_status":"closed","ping_status":"closed","template":"","meta":{"_acf_changed":false,"inline_featured_image":false,"footnotes":""},"class_list":["post-25824","page","type-page","status-publish","hentry"],"acf":[],"yoast_head":"<!-- This site is optimized with the Yoast SEO plugin v27.4 - https:\/\/yoast.com\/product\/yoast-seo-wordpress\/ -->\n<title>\u00dcber Uns - ubu - Arbeitsschutz f\u00fcr Hotels und Gastronomie<\/title>\n<meta name=\"robots\" content=\"index, follow, max-snippet:-1, max-image-preview:large, max-video-preview:-1\" \/>\n<link rel=\"canonical\" href=\"https:\/\/www.ubu.de\/ro\/ueber-uns\/\" \/>\n<meta property=\"og:locale\" content=\"ro_RO\" \/>\n<meta property=\"og:type\" content=\"article\" \/>\n<meta property=\"og:title\" content=\"\u00dcber Uns - ubu - Arbeitsschutz f\u00fcr Hotels und Gastronomie\" \/>\n<meta property=\"og:url\" content=\"https:\/\/www.ubu.de\/ro\/ueber-uns\/\" \/>\n<meta property=\"og:site_name\" content=\"ubu - Arbeitsschutz f\u00fcr Hotels und Gastronomie\" \/>\n<meta property=\"article:modified_time\" content=\"2026-03-20T13:03:47+00:00\" \/>\n<meta name=\"twitter:card\" content=\"summary_large_image\" \/>\n<script type=\"application\/ld+json\" class=\"yoast-schema-graph\">{\"@context\":\"https:\\\/\\\/schema.org\",\"@graph\":[{\"@type\":\"WebPage\",\"@id\":\"https:\\\/\\\/www.ubu.de\\\/ueber-uns\\\/\",\"url\":\"https:\\\/\\\/www.ubu.de\\\/ueber-uns\\\/\",\"name\":\"\u00dcber Uns - ubu - Arbeitsschutz f\u00fcr Hotels und Gastronomie\",\"isPartOf\":{\"@id\":\"https:\\\/\\\/www.ubu.de\\\/#website\"},\"datePublished\":\"2016-07-26T14:48:00+00:00\",\"dateModified\":\"2026-03-20T13:03:47+00:00\",\"breadcrumb\":{\"@id\":\"https:\\\/\\\/www.ubu.de\\\/ueber-uns\\\/#breadcrumb\"},\"inLanguage\":\"ro-RO\",\"potentialAction\":[{\"@type\":\"ReadAction\",\"target\":[\"https:\\\/\\\/www.ubu.de\\\/ueber-uns\\\/\"]}]},{\"@type\":\"BreadcrumbList\",\"@id\":\"https:\\\/\\\/www.ubu.de\\\/ueber-uns\\\/#breadcrumb\",\"itemListElement\":[{\"@type\":\"ListItem\",\"position\":1,\"name\":\"Startseite\",\"item\":\"https:\\\/\\\/www.ubu.de\\\/\"},{\"@type\":\"ListItem\",\"position\":2,\"name\":\"\u00dcber Uns\"}]},{\"@type\":\"WebSite\",\"@id\":\"https:\\\/\\\/www.ubu.de\\\/#website\",\"url\":\"https:\\\/\\\/www.ubu.de\\\/\",\"name\":\"ubu - Arbeitsschutz f\u00fcr Hotels und Gastronomie\",\"description\":\"safety at work\",\"publisher\":{\"@id\":\"https:\\\/\\\/www.ubu.de\\\/#organization\"},\"potentialAction\":[{\"@type\":\"SearchAction\",\"target\":{\"@type\":\"EntryPoint\",\"urlTemplate\":\"https:\\\/\\\/www.ubu.de\\\/?s={search_term_string}\"},\"query-input\":{\"@type\":\"PropertyValueSpecification\",\"valueRequired\":true,\"valueName\":\"search_term_string\"}}],\"inLanguage\":\"ro-RO\"},{\"@type\":\"Organization\",\"@id\":\"https:\\\/\\\/www.ubu.de\\\/#organization\",\"name\":\"ubu - safety at work\",\"url\":\"https:\\\/\\\/www.ubu.de\\\/\",\"logo\":{\"@type\":\"ImageObject\",\"inLanguage\":\"ro-RO\",\"@id\":\"https:\\\/\\\/www.ubu.de\\\/#\\\/schema\\\/logo\\\/image\\\/\",\"url\":\"https:\\\/\\\/www.ubu.de\\\/wp-content\\\/uploads\\\/2016\\\/07\\\/ubu-elephant.png\",\"contentUrl\":\"https:\\\/\\\/www.ubu.de\\\/wp-content\\\/uploads\\\/2016\\\/07\\\/ubu-elephant.png\",\"width\":250,\"height\":250,\"caption\":\"ubu - safety at work\"},\"image\":{\"@id\":\"https:\\\/\\\/www.ubu.de\\\/#\\\/schema\\\/logo\\\/image\\\/\"}}]}<\/script>\n<!-- \/ Yoast SEO plugin. -->","yoast_head_json":{"title":"\u00dcber Uns - ubu - Arbeitsschutz f\u00fcr Hotels und Gastronomie","robots":{"index":"index","follow":"follow","max-snippet":"max-snippet:-1","max-image-preview":"max-image-preview:large","max-video-preview":"max-video-preview:-1"},"canonical":"https:\/\/www.ubu.de\/ro\/ueber-uns\/","og_locale":"ro_RO","og_type":"article","og_title":"\u00dcber Uns - ubu - Arbeitsschutz f\u00fcr Hotels und Gastronomie","og_url":"https:\/\/www.ubu.de\/ro\/ueber-uns\/","og_site_name":"ubu - Arbeitsschutz f\u00fcr Hotels und Gastronomie","article_modified_time":"2026-03-20T13:03:47+00:00","twitter_card":"summary_large_image","schema":{"@context":"https:\/\/schema.org","@graph":[{"@type":"WebPage","@id":"https:\/\/www.ubu.de\/ueber-uns\/","url":"https:\/\/www.ubu.de\/ueber-uns\/","name":"\u00dcber Uns - ubu - Arbeitsschutz f\u00fcr Hotels und Gastronomie","isPartOf":{"@id":"https:\/\/www.ubu.de\/#website"},"datePublished":"2016-07-26T14:48:00+00:00","dateModified":"2026-03-20T13:03:47+00:00","breadcrumb":{"@id":"https:\/\/www.ubu.de\/ueber-uns\/#breadcrumb"},"inLanguage":"ro-RO","potentialAction":[{"@type":"ReadAction","target":["https:\/\/www.ubu.de\/ueber-uns\/"]}]},{"@type":"BreadcrumbList","@id":"https:\/\/www.ubu.de\/ueber-uns\/#breadcrumb","itemListElement":[{"@type":"ListItem","position":1,"name":"Startseite","item":"https:\/\/www.ubu.de\/"},{"@type":"ListItem","position":2,"name":"\u00dcber Uns"}]},{"@type":"WebSite","@id":"https:\/\/www.ubu.de\/#website","url":"https:\/\/www.ubu.de\/","name":"ubu - S\u0103n\u0103tate \u0219i securitate ocupa\u021bional\u0103 pentru hoteluri \u0219i catering","description":"siguran\u021ba la locul de munc\u0103","publisher":{"@id":"https:\/\/www.ubu.de\/#organization"},"potentialAction":[{"@type":"SearchAction","target":{"@type":"EntryPoint","urlTemplate":"https:\/\/www.ubu.de\/?s={search_term_string}"},"query-input":{"@type":"PropertyValueSpecification","valueRequired":true,"valueName":"search_term_string"}}],"inLanguage":"ro-RO"},{"@type":"Organization","@id":"https:\/\/www.ubu.de\/#organization","name":"ubu - safety at work","url":"https:\/\/www.ubu.de\/","logo":{"@type":"ImageObject","inLanguage":"ro-RO","@id":"https:\/\/www.ubu.de\/#\/schema\/logo\/image\/","url":"https:\/\/www.ubu.de\/wp-content\/uploads\/2016\/07\/ubu-elephant.png","contentUrl":"https:\/\/www.ubu.de\/wp-content\/uploads\/2016\/07\/ubu-elephant.png","width":250,"height":250,"caption":"ubu - safety at work"},"image":{"@id":"https:\/\/www.ubu.de\/#\/schema\/logo\/image\/"}}]}},"_links":{"self":[{"href":"https:\/\/www.ubu.de\/ro\/wp-json\/wp\/v2\/pages\/25824","targetHints":{"allow":["GET"]}}],"collection":[{"href":"https:\/\/www.ubu.de\/ro\/wp-json\/wp\/v2\/pages"}],"about":[{"href":"https:\/\/www.ubu.de\/ro\/wp-json\/wp\/v2\/types\/page"}],"author":[{"embeddable":true,"href":"https:\/\/www.ubu.de\/ro\/wp-json\/wp\/v2\/users\/1"}],"replies":[{"embeddable":true,"href":"https:\/\/www.ubu.de\/ro\/wp-json\/wp\/v2\/comments?post=25824"}],"version-history":[{"count":10,"href":"https:\/\/www.ubu.de\/ro\/wp-json\/wp\/v2\/pages\/25824\/revisions"}],"predecessor-version":[{"id":28876,"href":"https:\/\/www.ubu.de\/ro\/wp-json\/wp\/v2\/pages\/25824\/revisions\/28876"}],"wp:attachment":[{"href":"https:\/\/www.ubu.de\/ro\/wp-json\/wp\/v2\/media?parent=25824"}],"curies":[{"name":"wp","href":"https:\/\/api.w.org\/{rel}","templated":true}]}}